{"id":7820,"date":"2024-09-11T17:58:35","date_gmt":"2024-09-11T17:58:35","guid":{"rendered":"https:\/\/cirandadaarte.com.br\/webzine\/?page_id=7820"},"modified":"2024-10-02T12:26:42","modified_gmt":"2024-10-02T12:26:42","slug":"pequipod","status":"publish","type":"page","link":"https:\/\/cirandadaarte.com.br\/webzine\/pequipod\/","title":{"rendered":"PequiPod"},"content":{"rendered":"\t\t<div data-elementor-type=\"wp-page\" data-elementor-id=\"7820\" class=\"elementor elementor-7820\" data-elementor-post-type=\"page\">\n\t\t\t\t\t\t<section class=\"elementor-section elementor-top-section elementor-element elementor-element-9291e56 elementor-section-full_width elementor-section-height-default elementor-section-height-default\" data-id=\"9291e56\" data-element_type=\"section\" data-settings=\"{&quot;background_background&quot;:&quot;classic&quot;}\">\n\t\t\t\t\t\t<div class=\"elementor-container elementor-column-gap-default\">\n\t\t\t\t\t<div class=\"elementor-column elementor-col-33 elementor-top-column elementor-element elementor-element-1e989c2\" data-id=\"1e989c2\" data-element_type=\"column\" data-settings=\"{&quot;background_background&quot;:&quot;classic&quot;}\">\n\t\t\t<div class=\"elementor-widget-wrap\">\n\t\t\t\t\t\t\t<\/div>\n\t\t<\/div>\n\t\t\t\t<div class=\"elementor-column elementor-col-33 elementor-top-column elementor-element elementor-element-57701db elementor-hidden-tablet elementor-hidden-mobile\" data-id=\"57701db\" data-element_type=\"column\">\n\t\t\t<div class=\"elementor-widget-wrap elementor-element-populated\">\n\t\t\t\t\t\t<div class=\"elementor-element elementor-element-be5a01e elementor-hidden-tablet elementor-hidden-mobile elementor-widget elementor-widget-heading\" data-id=\"be5a01e\" data-element_type=\"widget\" data-widget_type=\"heading.default\">\n\t\t\t\t<div class=\"elementor-widget-container\">\n\t\t\t\t\t<h6 class=\"elementor-heading-title elementor-size-medium\"><a href=\"https:\/\/cirandadaarte.com.br\/acessibilidade\/\">Acessibilidades<\/a><\/h6>\t\t\t\t<\/div>\n\t\t\t\t<\/div>\n\t\t\t\t\t<\/div>\n\t\t<\/div>\n\t\t\t\t<div class=\"elementor-column elementor-col-33 elementor-top-column elementor-element elementor-element-d0e6d67\" data-id=\"d0e6d67\" data-element_type=\"column\">\n\t\t\t<div class=\"elementor-widget-wrap elementor-element-populated\">\n\t\t\t\t\t\t<div class=\"elementor-element elementor-element-a21d9d9 elementor-nav-menu__align-center elementor-nav-menu--dropdown-tablet elementor-nav-menu__text-align-aside elementor-nav-menu--toggle elementor-nav-menu--burger elementor-widget elementor-widget-nav-menu\" data-id=\"a21d9d9\" data-element_type=\"widget\" data-settings=\"{&quot;layout&quot;:&quot;horizontal&quot;,&quot;submenu_icon&quot;:{&quot;value&quot;:&quot;&lt;i class=\\&quot;fas fa-caret-down\\&quot;&gt;&lt;\\\/i&gt;&quot;,&quot;library&quot;:&quot;fa-solid&quot;},&quot;toggle&quot;:&quot;burger&quot;}\" data-widget_type=\"nav-menu.default\">\n\t\t\t\t<div class=\"elementor-widget-container\">\n\t\t\t\t\t\t\t\t<nav aria-label=\"Menu\" class=\"elementor-nav-menu--main elementor-nav-menu__container elementor-nav-menu--layout-horizontal e--pointer-underline e--animation-fade\">\n\t\t\t\t<ul id=\"menu-1-a21d9d9\" class=\"elementor-nav-menu\"><li class=\"menu-item menu-item-type-post_type menu-item-object-page menu-item-home menu-item-120\"><a href=\"https:\/\/cirandadaarte.com.br\/webzine\/\" class=\"elementor-item\">HOME<\/a><\/li>\n<li class=\"menu-item menu-item-type-custom menu-item-object-custom menu-item-has-children menu-item-121\"><a href=\"#\" class=\"elementor-item elementor-item-anchor\">AREAS<\/a>\n<ul class=\"sub-menu elementor-nav-menu--dropdown\">\n\t<li class=\"menu-item menu-item-type-post_type menu-item-object-page menu-item-200\"><a href=\"https:\/\/cirandadaarte.com.br\/webzine\/artes-visuais\/\" class=\"elementor-sub-item\">ARTES VISUAIS<\/a><\/li>\n\t<li class=\"menu-item menu-item-type-post_type menu-item-object-page menu-item-713\"><a href=\"https:\/\/cirandadaarte.com.br\/webzine\/danca\/\" class=\"elementor-sub-item\">DAN\u00c7A<\/a><\/li>\n\t<li class=\"menu-item menu-item-type-post_type menu-item-object-page menu-item-714\"><a href=\"https:\/\/cirandadaarte.com.br\/webzine\/musica\/\" class=\"elementor-sub-item\">MUSICA<\/a><\/li>\n\t<li class=\"menu-item menu-item-type-post_type menu-item-object-page menu-item-712\"><a href=\"https:\/\/cirandadaarte.com.br\/webzine\/teatro\/\" class=\"elementor-sub-item\">TEATRO<\/a><\/li>\n\t<li class=\"menu-item menu-item-type-post_type menu-item-object-page menu-item-8002\"><a href=\"https:\/\/cirandadaarte.com.br\/webzine\/audiovisiual\/\" class=\"elementor-sub-item\">AUDIOVISUAL<\/a><\/li>\n<\/ul>\n<\/li>\n<li class=\"menu-item menu-item-type-custom menu-item-object-custom menu-item-127\"><a href=\"https:\/\/cirandadaarte.com.br\/webzine\/publicacao\/\" class=\"elementor-item\">PUBLICA\u00c7\u00d5ES<\/a><\/li>\n<li class=\"menu-item menu-item-type-post_type menu-item-object-page menu-item-6953\"><a href=\"https:\/\/cirandadaarte.com.br\/webzine\/galeria-virtual\/\" class=\"elementor-item\">GALERIA VIRTUAL<\/a><\/li>\n<\/ul>\t\t\t<\/nav>\n\t\t\t\t\t<div class=\"elementor-menu-toggle\" role=\"button\" tabindex=\"0\" aria-label=\"Menu Toggle\" aria-expanded=\"false\">\n\t\t\t<i aria-hidden=\"true\" role=\"presentation\" class=\"elementor-menu-toggle__icon--open eicon-menu-bar\"><\/i><i aria-hidden=\"true\" role=\"presentation\" class=\"elementor-menu-toggle__icon--close eicon-close\"><\/i>\t\t\t<span class=\"elementor-screen-only\">Menu<\/span>\n\t\t<\/div>\n\t\t\t\t\t<nav class=\"elementor-nav-menu--dropdown elementor-nav-menu__container\" aria-hidden=\"true\">\n\t\t\t\t<ul id=\"menu-2-a21d9d9\" class=\"elementor-nav-menu\"><li class=\"menu-item menu-item-type-post_type menu-item-object-page menu-item-home menu-item-120\"><a href=\"https:\/\/cirandadaarte.com.br\/webzine\/\" class=\"elementor-item\" tabindex=\"-1\">HOME<\/a><\/li>\n<li class=\"menu-item menu-item-type-custom menu-item-object-custom menu-item-has-children menu-item-121\"><a href=\"#\" class=\"elementor-item elementor-item-anchor\" tabindex=\"-1\">AREAS<\/a>\n<ul class=\"sub-menu elementor-nav-menu--dropdown\">\n\t<li class=\"menu-item menu-item-type-post_type menu-item-object-page menu-item-200\"><a href=\"https:\/\/cirandadaarte.com.br\/webzine\/artes-visuais\/\" class=\"elementor-sub-item\" tabindex=\"-1\">ARTES VISUAIS<\/a><\/li>\n\t<li class=\"menu-item menu-item-type-post_type menu-item-object-page menu-item-713\"><a href=\"https:\/\/cirandadaarte.com.br\/webzine\/danca\/\" class=\"elementor-sub-item\" tabindex=\"-1\">DAN\u00c7A<\/a><\/li>\n\t<li class=\"menu-item menu-item-type-post_type menu-item-object-page menu-item-714\"><a href=\"https:\/\/cirandadaarte.com.br\/webzine\/musica\/\" class=\"elementor-sub-item\" tabindex=\"-1\">MUSICA<\/a><\/li>\n\t<li class=\"menu-item menu-item-type-post_type menu-item-object-page menu-item-712\"><a href=\"https:\/\/cirandadaarte.com.br\/webzine\/teatro\/\" class=\"elementor-sub-item\" tabindex=\"-1\">TEATRO<\/a><\/li>\n\t<li class=\"menu-item menu-item-type-post_type menu-item-object-page menu-item-8002\"><a href=\"https:\/\/cirandadaarte.com.br\/webzine\/audiovisiual\/\" class=\"elementor-sub-item\" tabindex=\"-1\">AUDIOVISUAL<\/a><\/li>\n<\/ul>\n<\/li>\n<li class=\"menu-item menu-item-type-custom menu-item-object-custom menu-item-127\"><a href=\"https:\/\/cirandadaarte.com.br\/webzine\/publicacao\/\" class=\"elementor-item\" tabindex=\"-1\">PUBLICA\u00c7\u00d5ES<\/a><\/li>\n<li class=\"menu-item menu-item-type-post_type menu-item-object-page menu-item-6953\"><a href=\"https:\/\/cirandadaarte.com.br\/webzine\/galeria-virtual\/\" class=\"elementor-item\" tabindex=\"-1\">GALERIA VIRTUAL<\/a><\/li>\n<\/ul>\t\t\t<\/nav>\n\t\t\t\t\t\t<\/div>\n\t\t\t\t<\/div>\n\t\t\t\t\t<\/div>\n\t\t<\/div>\n\t\t\t\t\t<\/div>\n\t\t<\/section>\n\t\t\t\t<section class=\"elementor-section elementor-top-section elementor-element elementor-element-01f1a3a elementor-section-full_width elementor-section-height-default elementor-section-height-default\" data-id=\"01f1a3a\" data-element_type=\"section\">\n\t\t\t\t\t\t<div class=\"elementor-container elementor-column-gap-no\">\n\t\t\t\t\t<div class=\"elementor-column elementor-col-100 elementor-top-column elementor-element elementor-element-3959827\" data-id=\"3959827\" data-element_type=\"column\">\n\t\t\t<div class=\"elementor-widget-wrap elementor-element-populated\">\n\t\t\t\t\t\t<div class=\"elementor-element elementor-element-38bed8d elementor-widget elementor-widget-video\" data-id=\"38bed8d\" data-element_type=\"widget\" data-settings=\"{&quot;youtube_url&quot;:&quot;https:\\\/\\\/youtu.be\\\/8DDo37oyEWI&quot;,&quot;autoplay&quot;:&quot;yes&quot;,&quot;play_on_mobile&quot;:&quot;yes&quot;,&quot;video_type&quot;:&quot;youtube&quot;}\" data-widget_type=\"video.default\">\n\t\t\t\t<div class=\"elementor-widget-container\">\n\t\t\t\t\t\t\t<div class=\"elementor-wrapper elementor-open-inline\">\n\t\t\t<div class=\"elementor-video\"><\/div>\t\t<\/div>\n\t\t\t\t\t\t<\/div>\n\t\t\t\t<\/div>\n\t\t\t\t\t<\/div>\n\t\t<\/div>\n\t\t\t\t\t<\/div>\n\t\t<\/section>\n\t\t\t\t<section class=\"elementor-section elementor-top-section elementor-element elementor-element-17b8b09 elementor-section-boxed elementor-section-height-default elementor-section-height-default\" data-id=\"17b8b09\" data-element_type=\"section\">\n\t\t\t\t\t\t<div class=\"elementor-container elementor-column-gap-default\">\n\t\t\t\t\t<div class=\"elementor-column elementor-col-100 elementor-top-column elementor-element elementor-element-3d74b7b\" data-id=\"3d74b7b\" data-element_type=\"column\">\n\t\t\t<div class=\"elementor-widget-wrap elementor-element-populated\">\n\t\t\t\t\t\t<div class=\"elementor-element elementor-element-0957604 elementor-widget elementor-widget-text-editor\" data-id=\"0957604\" data-element_type=\"widget\" data-widget_type=\"text-editor.default\">\n\t\t\t\t<div class=\"elementor-widget-container\">\n\t\t\t\t\t\t\t\t\t<p style=\"text-align: justify;\">No cen\u00e1rio vibrante da literatura goiana, o Projeto PEQUIPOD surge como uma ferramenta inovadora e essencial para a valoriza\u00e7\u00e3o e dissemina\u00e7\u00e3o das &#8220;goianidades&#8221; \u2014 o conjunto de caracter\u00edsticas culturais, hist\u00f3ricas e sociais que definem o esp\u00edrito goiano. Este projeto, integrado ao Concurso Liter\u00e1rio de Reda\u00e7\u00e3o Bariani Ortencio, busca incentivar a express\u00e3o liter\u00e1ria jovem e fortalecer a identidade regional atrav\u00e9s da escrita.<\/p><p style=\"text-align: justify;\">O Concurso Liter\u00e1rio de Reda\u00e7\u00e3o Bariani Ortencio \u00e9 uma celebra\u00e7\u00e3o da criatividade e da literatura de Goi\u00e1s, nomeando-se em homenagem ao renomado escritor que dedicou sua vida ao estudo e \u00e0 valoriza\u00e7\u00e3o das refer\u00eancias culturais do Estado. O concurso oferece uma plataforma para que novos talentos explorem e expressem a riqueza da experi\u00eancia goiana em suas produ\u00e7\u00f5es art\u00edsticas.<\/p><p style=\"text-align: justify;\">O Projeto PEQUIPOD, como parte desse concurso, visa proporcionar aos participantes uma oportunidade \u00fanica para se engajarem com temas que refletem as diversas facetas da vida em Goi\u00e1s. Atrav\u00e9s de oficinas, mentorias e recursos educativos, o PEQUIPOD orienta e inspira os jovens escritores a explorar a riqueza da cultura goiana e a integr\u00e1-las em suas reda\u00e7\u00f5es. Ao estimular a reflex\u00e3o sobre as tradi\u00e7\u00f5es locais, a hist\u00f3ria e os desafios contempor\u00e2neos, o projeto n\u00e3o s\u00f3 enriquece a pr\u00e1tica liter\u00e1ria, mas tamb\u00e9m fortalece o senso de pertencimento e orgulho cultural entre os estudantes e professores envolvidos.<\/p><p style=\"text-align: justify;\">Ainda em tempo, compete externar agradecimentos \u00e0 Secretaria de Estado da Educa\u00e7\u00e3o e ao Centro de M\u00eddias por oportunizarem infraestrutura e log\u00edstica necess\u00e1rias para que esta iniciativa ocorra em sua plenitude e tenha alcance pedag\u00f3gico nas Unidades Escolares do Estado de Goi\u00e1s. De igual maneira, agradecer ao Col\u00e9gio Estadual Tiradentes (CRE-Goian\u00e9sia) por gentilmente ceder a concep\u00e7\u00e3o, bem como identidade visual do PEQUIPOD que fora constru\u00edda no \u00e2mbito da Feira Liter\u00e1ria do Vale do S\u00e3o Patr\u00edcio-GO por interm\u00e9dio do talento do estudante Keniel Erick Vieira Santos.<\/p>\t\t\t\t\t\t\t\t<\/div>\n\t\t\t\t<\/div>\n\t\t\t\t\t<\/div>\n\t\t<\/div>\n\t\t\t\t\t<\/div>\n\t\t<\/section>\n\t\t\t\t<section class=\"elementor-section elementor-top-section elementor-element elementor-element-dea0a57 elementor-section-boxed elementor-section-height-default elementor-section-height-default\" data-id=\"dea0a57\" data-element_type=\"section\">\n\t\t\t\t\t\t<div class=\"elementor-container elementor-column-gap-default\">\n\t\t\t\t\t<div class=\"elementor-column elementor-col-100 elementor-top-column elementor-element elementor-element-fc36617\" data-id=\"fc36617\" data-element_type=\"column\">\n\t\t\t<div class=\"elementor-widget-wrap elementor-element-populated\">\n\t\t\t\t\t\t<div class=\"elementor-element elementor-element-f024afa elementor-widget elementor-widget-heading\" data-id=\"f024afa\" data-element_type=\"widget\" data-widget_type=\"heading.default\">\n\t\t\t\t<div class=\"elementor-widget-container\">\n\t\t\t\t\t<h2 class=\"elementor-heading-title elementor-size-default\">P\u00edlulas Argumentativas<\/h2>\t\t\t\t<\/div>\n\t\t\t\t<\/div>\n\t\t\t\t\t<\/div>\n\t\t<\/div>\n\t\t\t\t\t<\/div>\n\t\t<\/section>\n\t\t\t\t<section class=\"elementor-section elementor-top-section elementor-element elementor-element-30126b6 elementor-section-boxed elementor-section-height-default elementor-section-height-default\" data-id=\"30126b6\" data-element_type=\"section\">\n\t\t\t\t\t\t<div class=\"elementor-container elementor-column-gap-default\">\n\t\t\t\t\t<div class=\"elementor-column elementor-col-100 elementor-top-column elementor-element elementor-element-651366d\" data-id=\"651366d\" data-element_type=\"column\">\n\t\t\t<div class=\"elementor-widget-wrap elementor-element-populated\">\n\t\t\t\t\t\t<div class=\"elementor-element elementor-element-deceb39 e-tabs-view-vertical elementor-layout-end elementor-widget elementor-widget-video-playlist\" data-id=\"deceb39\" data-element_type=\"widget\" data-settings=\"{&quot;playlist_title&quot;:&quot;P\\u00edlulas Argumentativas&quot;,&quot;tabs&quot;:[{&quot;title&quot;:&quot;Isaque Elias Rezende - CRE Catal\\u00e3o&quot;,&quot;youtube_url&quot;:&quot;https:\\\/\\\/youtu.be\\\/ar8T-IVDtz4&quot;,&quot;duration&quot;:&quot;2:49&quot;,&quot;thumbnail&quot;:{&quot;url&quot;:&quot;http:\\\/\\\/cirandadaarte.com.br\\\/webzine\\\/wp-content\\\/uploads\\\/2024\\\/09\\\/Captura-de-tela-2024-09-11-153200.png&quot;,&quot;id&quot;:7847,&quot;size&quot;:&quot;&quot;,&quot;alt&quot;:&quot;&quot;,&quot;source&quot;:&quot;library&quot;},&quot;_id&quot;:&quot;e1ca9f9&quot;,&quot;vimeo_url&quot;:null,&quot;type&quot;:&quot;youtube&quot;,&quot;is_external_url&quot;:null,&quot;hosted_url&quot;:null,&quot;external_url&quot;:null,&quot;section_html_tag&quot;:null,&quot;video_html_tag&quot;:&quot;h4&quot;,&quot;inner_tab_is_content_visible&quot;:&quot;&quot;,&quot;inner_tab_content_1&quot;:null,&quot;inner_tab_content_2&quot;:null},{&quot;title&quot;:&quot;Isadora Abreu - CRE Pires do Rio&quot;,&quot;youtube_url&quot;:&quot;https:\\\/\\\/youtu.be\\\/WXYio62R_2I&quot;,&quot;duration&quot;:&quot;2:27&quot;,&quot;thumbnail&quot;:{&quot;url&quot;:&quot;http:\\\/\\\/cirandadaarte.com.br\\\/webzine\\\/wp-content\\\/uploads\\\/2024\\\/09\\\/Captura-de-tela-2024-09-11-153200.png&quot;,&quot;id&quot;:7847,&quot;size&quot;:&quot;&quot;,&quot;alt&quot;:&quot;&quot;,&quot;source&quot;:&quot;library&quot;},&quot;_id&quot;:&quot;ee8d91a&quot;,&quot;vimeo_url&quot;:null,&quot;type&quot;:&quot;youtube&quot;,&quot;is_external_url&quot;:null,&quot;hosted_url&quot;:null,&quot;external_url&quot;:null,&quot;section_html_tag&quot;:null,&quot;video_html_tag&quot;:&quot;h4&quot;,&quot;inner_tab_is_content_visible&quot;:&quot;&quot;,&quot;inner_tab_content_1&quot;:null,&quot;inner_tab_content_2&quot;:null},{&quot;title&quot;:&quot;Geovana - CRE Inhumas&quot;,&quot;youtube_url&quot;:&quot;https:\\\/\\\/youtu.be\\\/eGIqo0Q0yNI&quot;,&quot;duration&quot;:&quot;2:23&quot;,&quot;thumbnail&quot;:{&quot;url&quot;:&quot;http:\\\/\\\/cirandadaarte.com.br\\\/webzine\\\/wp-content\\\/uploads\\\/2024\\\/09\\\/Captura-de-tela-2024-09-11-153200.png&quot;,&quot;id&quot;:7847,&quot;size&quot;:&quot;&quot;,&quot;alt&quot;:&quot;&quot;,&quot;source&quot;:&quot;library&quot;},&quot;_id&quot;:&quot;b050157&quot;,&quot;vimeo_url&quot;:null,&quot;type&quot;:&quot;youtube&quot;,&quot;is_external_url&quot;:null,&quot;hosted_url&quot;:null,&quot;external_url&quot;:null,&quot;section_html_tag&quot;:null,&quot;video_html_tag&quot;:&quot;h4&quot;,&quot;inner_tab_is_content_visible&quot;:&quot;&quot;,&quot;inner_tab_content_1&quot;:null,&quot;inner_tab_content_2&quot;:null},{&quot;title&quot;:&quot;Jamilly Vit\\u00f3ria \\u00c1vila - CRE Santa Helena&quot;,&quot;youtube_url&quot;:&quot;https:\\\/\\\/youtu.be\\\/nBWUaRlC_Hw&quot;,&quot;duration&quot;:&quot;2:41&quot;,&quot;thumbnail&quot;:{&quot;url&quot;:&quot;http:\\\/\\\/cirandadaarte.com.br\\\/webzine\\\/wp-content\\\/uploads\\\/2024\\\/09\\\/Captura-de-tela-2024-09-11-153200.png&quot;,&quot;id&quot;:7847,&quot;size&quot;:&quot;&quot;,&quot;alt&quot;:&quot;&quot;,&quot;source&quot;:&quot;library&quot;},&quot;vimeo_url&quot;:null,&quot;_id&quot;:&quot;0341c27&quot;,&quot;type&quot;:&quot;youtube&quot;,&quot;is_external_url&quot;:null,&quot;hosted_url&quot;:null,&quot;external_url&quot;:null,&quot;section_html_tag&quot;:null,&quot;video_html_tag&quot;:&quot;h4&quot;,&quot;inner_tab_is_content_visible&quot;:&quot;&quot;,&quot;inner_tab_content_1&quot;:null,&quot;inner_tab_content_2&quot;:null},{&quot;title&quot;:&quot;Mikaela Oliveira - CRE Brasil Cavalcante&quot;,&quot;youtube_url&quot;:&quot;https:\\\/\\\/youtu.be\\\/NefBW5q5AYs&quot;,&quot;duration&quot;:&quot;2:26&quot;,&quot;thumbnail&quot;:{&quot;url&quot;:&quot;http:\\\/\\\/cirandadaarte.com.br\\\/webzine\\\/wp-content\\\/uploads\\\/2024\\\/09\\\/Captura-de-tela-2024-09-11-153200.png&quot;,&quot;id&quot;:7847,&quot;size&quot;:&quot;&quot;,&quot;alt&quot;:&quot;&quot;,&quot;source&quot;:&quot;library&quot;},&quot;vimeo_url&quot;:null,&quot;_id&quot;:&quot;fdc66eb&quot;,&quot;type&quot;:&quot;youtube&quot;,&quot;is_external_url&quot;:null,&quot;hosted_url&quot;:null,&quot;external_url&quot;:null,&quot;section_html_tag&quot;:null,&quot;video_html_tag&quot;:&quot;h4&quot;,&quot;inner_tab_is_content_visible&quot;:&quot;&quot;,&quot;inner_tab_content_1&quot;:null,&quot;inner_tab_content_2&quot;:null},{&quot;_id&quot;:&quot;19d8a74&quot;,&quot;youtube_url&quot;:&quot;https:\\\/\\\/youtu.be\\\/h-XNsIstRO4&quot;,&quot;vimeo_url&quot;:null,&quot;title&quot;:&quot;Nicolas Martins - CRE Luzi\\u00e2nia&quot;,&quot;duration&quot;:&quot;2:40&quot;,&quot;thumbnail&quot;:{&quot;url&quot;:&quot;http:\\\/\\\/cirandadaarte.com.br\\\/webzine\\\/wp-content\\\/uploads\\\/2024\\\/09\\\/Captura-de-tela-2024-09-11-153200.png&quot;,&quot;id&quot;:7847,&quot;size&quot;:&quot;&quot;,&quot;alt&quot;:&quot;&quot;,&quot;source&quot;:&quot;library&quot;},&quot;type&quot;:&quot;youtube&quot;,&quot;is_external_url&quot;:null,&quot;hosted_url&quot;:null,&quot;external_url&quot;:null,&quot;section_html_tag&quot;:null,&quot;video_html_tag&quot;:&quot;h4&quot;,&quot;inner_tab_is_content_visible&quot;:&quot;&quot;,&quot;inner_tab_content_1&quot;:null,&quot;inner_tab_content_2&quot;:null},{&quot;_id&quot;:&quot;5fee395&quot;,&quot;youtube_url&quot;:&quot;https:\\\/\\\/youtu.be\\\/W9DzCyr8vbU&quot;,&quot;vimeo_url&quot;:null,&quot;title&quot;:&quot;Sara de Oliveira - CRE \\u00c1guas Lindas&quot;,&quot;thumbnail&quot;:{&quot;url&quot;:&quot;http:\\\/\\\/cirandadaarte.com.br\\\/webzine\\\/wp-content\\\/uploads\\\/2024\\\/09\\\/Captura-de-tela-2024-09-11-153200.png&quot;,&quot;id&quot;:7847,&quot;size&quot;:&quot;&quot;,&quot;alt&quot;:&quot;&quot;,&quot;source&quot;:&quot;library&quot;},&quot;type&quot;:&quot;youtube&quot;,&quot;is_external_url&quot;:null,&quot;hosted_url&quot;:null,&quot;external_url&quot;:null,&quot;section_html_tag&quot;:null,&quot;video_html_tag&quot;:&quot;h4&quot;,&quot;duration&quot;:&quot;&quot;,&quot;inner_tab_is_content_visible&quot;:&quot;&quot;,&quot;inner_tab_content_1&quot;:null,&quot;inner_tab_content_2&quot;:null},{&quot;_id&quot;:&quot;d46604b&quot;,&quot;youtube_url&quot;:&quot;https:\\\/\\\/youtu.be\\\/U9fEsUc263Y&quot;,&quot;vimeo_url&quot;:null,&quot;title&quot;:&quot;Vin\\u00edcius Henrique - CRE Goi\\u00e2nia&quot;,&quot;duration&quot;:&quot;4:05&quot;,&quot;thumbnail&quot;:{&quot;url&quot;:&quot;http:\\\/\\\/cirandadaarte.com.br\\\/webzine\\\/wp-content\\\/uploads\\\/2024\\\/09\\\/Captura-de-tela-2024-09-11-153200.png&quot;,&quot;id&quot;:7847,&quot;size&quot;:&quot;&quot;,&quot;alt&quot;:&quot;&quot;,&quot;source&quot;:&quot;library&quot;},&quot;type&quot;:&quot;youtube&quot;,&quot;is_external_url&quot;:null,&quot;hosted_url&quot;:null,&quot;external_url&quot;:null,&quot;section_html_tag&quot;:null,&quot;video_html_tag&quot;:&quot;h4&quot;,&quot;inner_tab_is_content_visible&quot;:&quot;&quot;,&quot;inner_tab_content_1&quot;:null,&quot;inner_tab_content_2&quot;:null}],&quot;inner_tab_title_1&quot;:&quot;Tab #1&quot;,&quot;inner_tab_title_2&quot;:&quot;Tab #2&quot;}\" data-widget_type=\"video-playlist.default\">\n\t\t\t\t<div class=\"elementor-widget-container\">\n\t\t\t\t\t\n\t\t<div class=\"e-tabs\">\n\t\t\t<div class=\"e-tabs-main-area\">\n\t\t\t\t<div class=\"e-tabs-wrapper\">\n\t\t\t\t\t<div class=\"e-tabs-header\">\n\t\t\t\t\t\t<h2 class=\"e-tabs-title\">P\u00edlulas Argumentativas<\/h2>\n\t\t\t\t\t\t<div class=\"e-tabs-header-right-side\">\n\t\t\t\t\t\t\t\t\t\t\t\t\t\t\t<span class=\"e-tabs-videos-count\">8 Videos<\/span>\n\t\t\t\t\t\t\t\t\t\t\t\t\t\t<i aria-hidden=\"true\" class=\"e-tabs-toggle-videos-display-button rotate-down eicon-caret-down\"><\/i>\t\t\t\t\t\t<\/div>\n\t\t\t\t\t<\/div>\n\t\t\t\t\t<div class=\"e-tabs-items-wrapper\">\n\t\t\t\t\t\t<div class=\"e-tabs-items\" role=\"tablist\">\n\t\t\t\t\t\t\t\t\t\t\t\t\t\t\t\t\t\t\t\t\t\t\t\t<div id=\"e-tab-title-2331\" class=\"e-tab-title e-tab-desktop-title\" aria-selected=\"true\" data-tab=\"1\" role=\"tab\" tabindex=\"0\" aria-controls=\"e-tab-content-2331\">\n\t\t\t\t\t\t\t\t\t\t\t\t\t\t\t\t\t\t\t\t\t<div class=\"e-tab-thumbnail\">\n\t\t\t\t\t\t\t\t\t\t\t\t\t\t\t\t\t\t\t\t\t\t\t\t\t<img decoding=\"async\" src=\"http:\/\/cirandadaarte.com.br\/webzine\/wp-content\/uploads\/2024\/09\/Captura-de-tela-2024-09-11-153200.png\" alt=\"Isaque Elias Rezende - CRE Catal\u00e3o\" loading=\"lazy\" \/>\n\t\t\t\t\t\t\t\t\t\t\t\t\t\t\t\t\t\t\t\t\t\t\t\t<span class=\"icon-play\"><i aria-hidden=\"true\" class=\"fas fa-play-circle\"><\/i><\/span>\n\t\t\t\t\t\t\t\t\t\t\t\t<span class=\"icon-watched\"><i aria-hidden=\"true\" class=\"fas fa-check-circle\"><\/i><\/span>\n\t\t\t\t\t\t\t\t\t\t\t<\/div>\n\t\t\t\t\t\t\t\t\t\t\t\t\t\t\t\t\t\t\t\t<h4 class=\"e-tab-title-text\">\n\t\t\t\t\t\t\t\t\t\t\t<a tabindex=\"0\">Isaque Elias Rezende - CRE Catal\u00e3o<\/a>\n\t\t\t\t\t\t\t\t\t\t<\/h4>\n\t\t\t\t\t\t\t\t\t\t\t\t\t\t\t\t\t\t\t<\/div>\n\t\t\t\t\t\t\t\t\t\t\t\t\t\t\t\t\t\t\t\t\t\t\t\t\t\t\t\t\t\t\t\t<div id=\"e-tab-title-2332\" class=\"e-tab-title e-tab-desktop-title\" aria-selected=\"false\" data-tab=\"2\" role=\"tab\" tabindex=\"-1\" aria-controls=\"e-tab-content-2332\">\n\t\t\t\t\t\t\t\t\t\t\t\t\t\t\t\t\t\t\t\t\t<div class=\"e-tab-thumbnail\">\n\t\t\t\t\t\t\t\t\t\t\t\t\t\t\t\t\t\t\t\t\t\t\t\t\t<img decoding=\"async\" src=\"http:\/\/cirandadaarte.com.br\/webzine\/wp-content\/uploads\/2024\/09\/Captura-de-tela-2024-09-11-153200.png\" alt=\"Isadora Abreu - CRE Pires do Rio\" loading=\"lazy\" \/>\n\t\t\t\t\t\t\t\t\t\t\t\t\t\t\t\t\t\t\t\t\t\t\t\t<span class=\"icon-play\"><i aria-hidden=\"true\" class=\"fas fa-play-circle\"><\/i><\/span>\n\t\t\t\t\t\t\t\t\t\t\t\t<span class=\"icon-watched\"><i aria-hidden=\"true\" class=\"fas fa-check-circle\"><\/i><\/span>\n\t\t\t\t\t\t\t\t\t\t\t<\/div>\n\t\t\t\t\t\t\t\t\t\t\t\t\t\t\t\t\t\t\t\t<h4 class=\"e-tab-title-text\">\n\t\t\t\t\t\t\t\t\t\t\t<a tabindex=\"0\">Isadora Abreu - CRE Pires do Rio<\/a>\n\t\t\t\t\t\t\t\t\t\t<\/h4>\n\t\t\t\t\t\t\t\t\t\t\t\t\t\t\t\t\t\t\t<\/div>\n\t\t\t\t\t\t\t\t\t\t\t\t\t\t\t\t\t\t\t\t\t\t\t\t\t\t\t\t\t\t\t\t<div id=\"e-tab-title-2333\" class=\"e-tab-title e-tab-desktop-title\" aria-selected=\"false\" data-tab=\"3\" role=\"tab\" tabindex=\"-1\" aria-controls=\"e-tab-content-2333\">\n\t\t\t\t\t\t\t\t\t\t\t\t\t\t\t\t\t\t\t\t\t<div class=\"e-tab-thumbnail\">\n\t\t\t\t\t\t\t\t\t\t\t\t\t\t\t\t\t\t\t\t\t\t\t\t\t<img decoding=\"async\" src=\"http:\/\/cirandadaarte.com.br\/webzine\/wp-content\/uploads\/2024\/09\/Captura-de-tela-2024-09-11-153200.png\" alt=\"Geovana - CRE Inhumas\" loading=\"lazy\" \/>\n\t\t\t\t\t\t\t\t\t\t\t\t\t\t\t\t\t\t\t\t\t\t\t\t<span class=\"icon-play\"><i aria-hidden=\"true\" class=\"fas fa-play-circle\"><\/i><\/span>\n\t\t\t\t\t\t\t\t\t\t\t\t<span class=\"icon-watched\"><i aria-hidden=\"true\" class=\"fas fa-check-circle\"><\/i><\/span>\n\t\t\t\t\t\t\t\t\t\t\t<\/div>\n\t\t\t\t\t\t\t\t\t\t\t\t\t\t\t\t\t\t\t\t<h4 class=\"e-tab-title-text\">\n\t\t\t\t\t\t\t\t\t\t\t<a tabindex=\"0\">Geovana - CRE Inhumas<\/a>\n\t\t\t\t\t\t\t\t\t\t<\/h4>\n\t\t\t\t\t\t\t\t\t\t\t\t\t\t\t\t\t\t\t<\/div>\n\t\t\t\t\t\t\t\t\t\t\t\t\t\t\t\t\t\t\t\t\t\t\t\t\t\t\t\t\t\t\t\t<div id=\"e-tab-title-2334\" class=\"e-tab-title e-tab-desktop-title\" aria-selected=\"false\" data-tab=\"4\" role=\"tab\" tabindex=\"-1\" aria-controls=\"e-tab-content-2334\">\n\t\t\t\t\t\t\t\t\t\t\t\t\t\t\t\t\t\t\t\t\t<div class=\"e-tab-thumbnail\">\n\t\t\t\t\t\t\t\t\t\t\t\t\t\t\t\t\t\t\t\t\t\t\t\t\t<img decoding=\"async\" src=\"http:\/\/cirandadaarte.com.br\/webzine\/wp-content\/uploads\/2024\/09\/Captura-de-tela-2024-09-11-153200.png\" alt=\"Jamilly Vit\u00f3ria \u00c1vila - CRE Santa Helena\" loading=\"lazy\" \/>\n\t\t\t\t\t\t\t\t\t\t\t\t\t\t\t\t\t\t\t\t\t\t\t\t<span class=\"icon-play\"><i aria-hidden=\"true\" class=\"fas fa-play-circle\"><\/i><\/span>\n\t\t\t\t\t\t\t\t\t\t\t\t<span class=\"icon-watched\"><i aria-hidden=\"true\" class=\"fas fa-check-circle\"><\/i><\/span>\n\t\t\t\t\t\t\t\t\t\t\t<\/div>\n\t\t\t\t\t\t\t\t\t\t\t\t\t\t\t\t\t\t\t\t<h4 class=\"e-tab-title-text\">\n\t\t\t\t\t\t\t\t\t\t\t<a tabindex=\"0\">Jamilly Vit\u00f3ria \u00c1vila - CRE Santa Helena<\/a>\n\t\t\t\t\t\t\t\t\t\t<\/h4>\n\t\t\t\t\t\t\t\t\t\t\t\t\t\t\t\t\t\t\t<\/div>\n\t\t\t\t\t\t\t\t\t\t\t\t\t\t\t\t\t\t\t\t\t\t\t\t\t\t\t\t\t\t\t\t<div id=\"e-tab-title-2335\" class=\"e-tab-title e-tab-desktop-title\" aria-selected=\"false\" data-tab=\"5\" role=\"tab\" tabindex=\"-1\" aria-controls=\"e-tab-content-2335\">\n\t\t\t\t\t\t\t\t\t\t\t\t\t\t\t\t\t\t\t\t\t<div class=\"e-tab-thumbnail\">\n\t\t\t\t\t\t\t\t\t\t\t\t\t\t\t\t\t\t\t\t\t\t\t\t\t<img decoding=\"async\" src=\"http:\/\/cirandadaarte.com.br\/webzine\/wp-content\/uploads\/2024\/09\/Captura-de-tela-2024-09-11-153200.png\" alt=\"Mikaela Oliveira - CRE Brasil Cavalcante\" loading=\"lazy\" \/>\n\t\t\t\t\t\t\t\t\t\t\t\t\t\t\t\t\t\t\t\t\t\t\t\t<span class=\"icon-play\"><i aria-hidden=\"true\" class=\"fas fa-play-circle\"><\/i><\/span>\n\t\t\t\t\t\t\t\t\t\t\t\t<span class=\"icon-watched\"><i aria-hidden=\"true\" class=\"fas fa-check-circle\"><\/i><\/span>\n\t\t\t\t\t\t\t\t\t\t\t<\/div>\n\t\t\t\t\t\t\t\t\t\t\t\t\t\t\t\t\t\t\t\t<h4 class=\"e-tab-title-text\">\n\t\t\t\t\t\t\t\t\t\t\t<a tabindex=\"0\">Mikaela Oliveira - CRE Brasil Cavalcante<\/a>\n\t\t\t\t\t\t\t\t\t\t<\/h4>\n\t\t\t\t\t\t\t\t\t\t\t\t\t\t\t\t\t\t\t<\/div>\n\t\t\t\t\t\t\t\t\t\t\t\t\t\t\t\t\t\t\t\t\t\t\t\t\t\t\t\t\t\t\t\t<div id=\"e-tab-title-2336\" class=\"e-tab-title e-tab-desktop-title\" aria-selected=\"false\" data-tab=\"6\" role=\"tab\" tabindex=\"-1\" aria-controls=\"e-tab-content-2336\">\n\t\t\t\t\t\t\t\t\t\t\t\t\t\t\t\t\t\t\t\t\t<div class=\"e-tab-thumbnail\">\n\t\t\t\t\t\t\t\t\t\t\t\t\t\t\t\t\t\t\t\t\t\t\t\t\t<img decoding=\"async\" src=\"http:\/\/cirandadaarte.com.br\/webzine\/wp-content\/uploads\/2024\/09\/Captura-de-tela-2024-09-11-153200.png\" alt=\"Nicolas Martins - CRE Luzi\u00e2nia\" loading=\"lazy\" \/>\n\t\t\t\t\t\t\t\t\t\t\t\t\t\t\t\t\t\t\t\t\t\t\t\t<span class=\"icon-play\"><i aria-hidden=\"true\" class=\"fas fa-play-circle\"><\/i><\/span>\n\t\t\t\t\t\t\t\t\t\t\t\t<span class=\"icon-watched\"><i aria-hidden=\"true\" class=\"fas fa-check-circle\"><\/i><\/span>\n\t\t\t\t\t\t\t\t\t\t\t<\/div>\n\t\t\t\t\t\t\t\t\t\t\t\t\t\t\t\t\t\t\t\t<h4 class=\"e-tab-title-text\">\n\t\t\t\t\t\t\t\t\t\t\t<a tabindex=\"0\">Nicolas Martins - CRE Luzi\u00e2nia<\/a>\n\t\t\t\t\t\t\t\t\t\t<\/h4>\n\t\t\t\t\t\t\t\t\t\t\t\t\t\t\t\t\t\t\t<\/div>\n\t\t\t\t\t\t\t\t\t\t\t\t\t\t\t\t\t\t\t\t\t\t\t\t\t\t\t\t\t\t\t\t<div id=\"e-tab-title-2337\" class=\"e-tab-title e-tab-desktop-title\" aria-selected=\"false\" data-tab=\"7\" role=\"tab\" tabindex=\"-1\" aria-controls=\"e-tab-content-2337\">\n\t\t\t\t\t\t\t\t\t\t\t\t\t\t\t\t\t\t\t\t\t<div class=\"e-tab-thumbnail\">\n\t\t\t\t\t\t\t\t\t\t\t\t\t\t\t\t\t\t\t\t\t\t\t\t\t<img decoding=\"async\" src=\"http:\/\/cirandadaarte.com.br\/webzine\/wp-content\/uploads\/2024\/09\/Captura-de-tela-2024-09-11-153200.png\" alt=\"Sara de Oliveira - CRE \u00c1guas Lindas\" loading=\"lazy\" \/>\n\t\t\t\t\t\t\t\t\t\t\t\t\t\t\t\t\t\t\t\t\t\t\t\t<span class=\"icon-play\"><i aria-hidden=\"true\" class=\"fas fa-play-circle\"><\/i><\/span>\n\t\t\t\t\t\t\t\t\t\t\t\t<span class=\"icon-watched\"><i aria-hidden=\"true\" class=\"fas fa-check-circle\"><\/i><\/span>\n\t\t\t\t\t\t\t\t\t\t\t<\/div>\n\t\t\t\t\t\t\t\t\t\t\t\t\t\t\t\t\t\t\t\t<h4 class=\"e-tab-title-text\">\n\t\t\t\t\t\t\t\t\t\t\t<a tabindex=\"0\">Sara de Oliveira - CRE \u00c1guas Lindas<\/a>\n\t\t\t\t\t\t\t\t\t\t<\/h4>\n\t\t\t\t\t\t\t\t\t\t\t\t\t\t\t\t\t\t\t<\/div>\n\t\t\t\t\t\t\t\t\t\t\t\t\t\t\t\t\t\t\t\t\t\t\t\t\t\t\t\t\t\t\t\t<div id=\"e-tab-title-2338\" class=\"e-tab-title e-tab-desktop-title\" aria-selected=\"false\" data-tab=\"8\" role=\"tab\" tabindex=\"-1\" aria-controls=\"e-tab-content-2338\">\n\t\t\t\t\t\t\t\t\t\t\t\t\t\t\t\t\t\t\t\t\t<div class=\"e-tab-thumbnail\">\n\t\t\t\t\t\t\t\t\t\t\t\t\t\t\t\t\t\t\t\t\t\t\t\t\t<img decoding=\"async\" src=\"http:\/\/cirandadaarte.com.br\/webzine\/wp-content\/uploads\/2024\/09\/Captura-de-tela-2024-09-11-153200.png\" alt=\"Vin\u00edcius Henrique - CRE Goi\u00e2nia\" loading=\"lazy\" \/>\n\t\t\t\t\t\t\t\t\t\t\t\t\t\t\t\t\t\t\t\t\t\t\t\t<span class=\"icon-play\"><i aria-hidden=\"true\" class=\"fas fa-play-circle\"><\/i><\/span>\n\t\t\t\t\t\t\t\t\t\t\t\t<span class=\"icon-watched\"><i aria-hidden=\"true\" class=\"fas fa-check-circle\"><\/i><\/span>\n\t\t\t\t\t\t\t\t\t\t\t<\/div>\n\t\t\t\t\t\t\t\t\t\t\t\t\t\t\t\t\t\t\t\t<h4 class=\"e-tab-title-text\">\n\t\t\t\t\t\t\t\t\t\t\t<a tabindex=\"0\">Vin\u00edcius Henrique - CRE Goi\u00e2nia<\/a>\n\t\t\t\t\t\t\t\t\t\t<\/h4>\n\t\t\t\t\t\t\t\t\t\t\t\t\t\t\t\t\t\t\t<\/div>\n\t\t\t\t\t\t\t\t\t\t\t\t\t\t\t\t\t\t\t\t\t<\/div>\n\t\t\t\t\t\t<div class=\"shadow shadow-top\" aria-hidden=\"true\"><\/div>\n\t\t\t\t\t\t<div class=\"shadow shadow-bottom\" aria-hidden=\"true\"><\/div>\n\t\t\t\t\t<\/div>\n\t\t\t\t<\/div>\n\n\t\t\t\t<div class=\"e-tabs-content-wrapper\" role=\"tablist\" aria-orientation=\"vertical\">\n\t\t\t\t\t\t\t\t\t\t\t<div id=\"e-tab-content-2331\" class=\"e-tab-content elementor-clearfix\" data-tab=\"1\" role=\"tabpanel\" aria-labelledby=\"e-tab-title-2331\" tabindex=\"0\" data-video-url=\"https:\/\/youtu.be\/ar8T-IVDtz4\" data-video-type=\"youtube\" data-video-title=\"Isaque Elias Rezende - CRE Catal\u00e3o\" data-video-duration=\"2:49\">\n\t\t\t\t\t\t\t<div><\/div>\n\t\t\t\t\t\t\t\t\t\t\t\t\t<\/div>\n\t\t\t\t\t\t\t\t\t\t\t<div id=\"e-tab-content-2332\" class=\"e-tab-content elementor-clearfix\" data-tab=\"2\" role=\"tabpanel\" aria-labelledby=\"e-tab-title-2332\" tabindex=\"0\" data-video-url=\"https:\/\/youtu.be\/WXYio62R_2I\" data-video-type=\"youtube\" data-video-title=\"Isadora Abreu - CRE Pires do Rio\" data-video-duration=\"2:27\" hidden=\"hidden\">\n\t\t\t\t\t\t\t<div><\/div>\n\t\t\t\t\t\t\t\t\t\t\t\t\t<\/div>\n\t\t\t\t\t\t\t\t\t\t\t<div id=\"e-tab-content-2333\" class=\"e-tab-content elementor-clearfix\" data-tab=\"3\" role=\"tabpanel\" aria-labelledby=\"e-tab-title-2333\" tabindex=\"0\" data-video-url=\"https:\/\/youtu.be\/eGIqo0Q0yNI\" data-video-type=\"youtube\" data-video-title=\"Geovana - CRE Inhumas\" data-video-duration=\"2:23\" hidden=\"hidden\">\n\t\t\t\t\t\t\t<div><\/div>\n\t\t\t\t\t\t\t\t\t\t\t\t\t<\/div>\n\t\t\t\t\t\t\t\t\t\t\t<div id=\"e-tab-content-2334\" class=\"e-tab-content elementor-clearfix\" data-tab=\"4\" role=\"tabpanel\" aria-labelledby=\"e-tab-title-2334\" tabindex=\"0\" data-video-url=\"https:\/\/youtu.be\/nBWUaRlC_Hw\" data-video-type=\"youtube\" data-video-title=\"Jamilly Vit\u00f3ria \u00c1vila - CRE Santa Helena\" data-video-duration=\"2:41\" hidden=\"hidden\">\n\t\t\t\t\t\t\t<div><\/div>\n\t\t\t\t\t\t\t\t\t\t\t\t\t<\/div>\n\t\t\t\t\t\t\t\t\t\t\t<div id=\"e-tab-content-2335\" class=\"e-tab-content elementor-clearfix\" data-tab=\"5\" role=\"tabpanel\" aria-labelledby=\"e-tab-title-2335\" tabindex=\"0\" data-video-url=\"https:\/\/youtu.be\/NefBW5q5AYs\" data-video-type=\"youtube\" data-video-title=\"Mikaela Oliveira - CRE Brasil Cavalcante\" data-video-duration=\"2:26\" hidden=\"hidden\">\n\t\t\t\t\t\t\t<div><\/div>\n\t\t\t\t\t\t\t\t\t\t\t\t\t<\/div>\n\t\t\t\t\t\t\t\t\t\t\t<div id=\"e-tab-content-2336\" class=\"e-tab-content elementor-clearfix\" data-tab=\"6\" role=\"tabpanel\" aria-labelledby=\"e-tab-title-2336\" tabindex=\"0\" data-video-url=\"https:\/\/youtu.be\/h-XNsIstRO4\" data-video-type=\"youtube\" data-video-title=\"Nicolas Martins - CRE Luzi\u00e2nia\" data-video-duration=\"2:40\" hidden=\"hidden\">\n\t\t\t\t\t\t\t<div><\/div>\n\t\t\t\t\t\t\t\t\t\t\t\t\t<\/div>\n\t\t\t\t\t\t\t\t\t\t\t<div id=\"e-tab-content-2337\" class=\"e-tab-content elementor-clearfix\" data-tab=\"7\" role=\"tabpanel\" aria-labelledby=\"e-tab-title-2337\" tabindex=\"0\" data-video-url=\"https:\/\/youtu.be\/W9DzCyr8vbU\" data-video-type=\"youtube\" data-video-title=\"Sara de Oliveira - CRE \u00c1guas Lindas\" data-video-duration=\"\" hidden=\"hidden\">\n\t\t\t\t\t\t\t<div><\/div>\n\t\t\t\t\t\t\t\t\t\t\t\t\t<\/div>\n\t\t\t\t\t\t\t\t\t\t\t<div id=\"e-tab-content-2338\" class=\"e-tab-content elementor-clearfix\" data-tab=\"8\" role=\"tabpanel\" aria-labelledby=\"e-tab-title-2338\" tabindex=\"0\" data-video-url=\"https:\/\/youtu.be\/U9fEsUc263Y\" data-video-type=\"youtube\" data-video-title=\"Vin\u00edcius Henrique - CRE Goi\u00e2nia\" data-video-duration=\"4:05\" hidden=\"hidden\">\n\t\t\t\t\t\t\t<div><\/div>\n\t\t\t\t\t\t\t\t\t\t\t\t\t<\/div>\n\t\t\t\t\t\t\t\t\t<\/div>\n\t\t\t<\/div>\n\n\t\t\t<div class=\"e-tabs-inner-tabs\" >\n\t\t\t\t\t\t\t\t\t\t\t\t\t\t\t\t\t\t\t\t\t\t\t\t\t\t\t\t\t\t\t\t\t\t\t\t\t\t\t\t\t\t\t\t\t\t\t\t\t\t\t\t\t\t\t\t\t\t\t\t\t\t\t\t\t\t\t\t\t\t\t\t\t\t\t\t\t\t\t<\/div>\n\t\t<\/div>\n\t\t\t\t\t\t<\/div>\n\t\t\t\t<\/div>\n\t\t\t\t\t<\/div>\n\t\t<\/div>\n\t\t\t\t\t<\/div>\n\t\t<\/section>\n\t\t\t\t<section class=\"elementor-section elementor-top-section elementor-element elementor-element-3cf81ae elementor-section-boxed elementor-section-height-default elementor-section-height-default\" data-id=\"3cf81ae\" data-element_type=\"section\">\n\t\t\t\t\t\t<div class=\"elementor-container elementor-column-gap-default\">\n\t\t\t\t\t<div class=\"elementor-column elementor-col-100 elementor-top-column elementor-element elementor-element-ba22beb\" data-id=\"ba22beb\" data-element_type=\"column\">\n\t\t\t<div class=\"elementor-widget-wrap elementor-element-populated\">\n\t\t\t\t\t\t<div class=\"elementor-element elementor-element-3b0a517 elementor-widget elementor-widget-text-editor\" data-id=\"3b0a517\" data-element_type=\"widget\" data-widget_type=\"text-editor.default\">\n\t\t\t\t<div class=\"elementor-widget-container\">\n\t\t\t\t\t\t\t\t\t<p>Bem-vindos ao PequiPod, o seu espa\u00e7o dedicado a explorar as riquezas, hist\u00f3rias, e tradi\u00e7\u00f5es que fazem de Goi\u00e1s um estado t\u00e3o \u00fanico e fascinante. Aqui, vamos mergulhar nas profundezas da nossa cultura, valorizando as ra\u00edzes goianas e desvendando o que \u00e9 ser goiano de verdade. <br \/><br \/>No PequiPod, cada epis\u00f3dio \u00e9 uma viagem pelo cora\u00e7\u00e3o do Brasil Central, onde discutimos desde as deliciosas iguarias da nossa gastronomia at\u00e9 as lendas e folclores que permeiam nossa hist\u00f3ria. Vamos conhecer personagens marcantes, revisitar tradi\u00e7\u00f5es e trazer \u00e0 tona as &#8220;goianidades&#8221; que nos fazem sentir orgulho de nossa terra. <br \/>Ent\u00e3o, prepare-se para embarcar conosco nessa jornada cheia de sabor, m\u00fasica, hist\u00f3ria e muita cultura goiana. Aperte o cinto e sinta o cheiro de pequi no ar, porque o PequiPod j\u00e1 vai come\u00e7ar!<\/p>\t\t\t\t\t\t\t\t<\/div>\n\t\t\t\t<\/div>\n\t\t\t\t\t<\/div>\n\t\t<\/div>\n\t\t\t\t\t<\/div>\n\t\t<\/section>\n\t\t\t\t<section class=\"elementor-section elementor-top-section elementor-element elementor-element-d910efc elementor-section-boxed elementor-section-height-default elementor-section-height-default\" data-id=\"d910efc\" data-element_type=\"section\">\n\t\t\t\t\t\t<div class=\"elementor-container elementor-column-gap-default\">\n\t\t\t\t\t<div class=\"elementor-column elementor-col-100 elementor-top-column elementor-element elementor-element-d5d1d47\" data-id=\"d5d1d47\" data-element_type=\"column\">\n\t\t\t<div class=\"elementor-widget-wrap elementor-element-populated\">\n\t\t\t\t\t\t<div class=\"elementor-element elementor-element-29975c4 elementor-widget elementor-widget-heading\" data-id=\"29975c4\" data-element_type=\"widget\" data-widget_type=\"heading.default\">\n\t\t\t\t<div class=\"elementor-widget-container\">\n\t\t\t\t\t<h2 class=\"elementor-heading-title elementor-size-default\">1\u00aa Temporada \"PEQUIPOD\" - Vozes do\u00a0Cerrado<\/h2>\t\t\t\t<\/div>\n\t\t\t\t<\/div>\n\t\t\t\t\t<\/div>\n\t\t<\/div>\n\t\t\t\t\t<\/div>\n\t\t<\/section>\n\t\t\t\t<section class=\"elementor-section elementor-top-section elementor-element elementor-element-97cdfca elementor-section-boxed elementor-section-height-default elementor-section-height-default\" data-id=\"97cdfca\" data-element_type=\"section\">\n\t\t\t\t\t\t<div class=\"elementor-container elementor-column-gap-default\">\n\t\t\t\t\t<div class=\"elementor-column elementor-col-100 elementor-top-column elementor-element elementor-element-5a97832\" data-id=\"5a97832\" data-element_type=\"column\">\n\t\t\t<div class=\"elementor-widget-wrap elementor-element-populated\">\n\t\t\t\t\t\t<div class=\"elementor-element elementor-element-969e20b elementor-widget__width-initial e-tabs-view-vertical elementor-layout-end elementor-widget elementor-widget-video-playlist\" data-id=\"969e20b\" data-element_type=\"widget\" data-settings=\"{&quot;playlist_title&quot;:&quot;Epis\\u00f3dios: 1\\u00aa Temporada&quot;,&quot;tabs&quot;:[{&quot;title&quot;:&quot;EP. 01 \\u2013 Vozes Silenciadas \\u2013 Desvendando o Preconceito Lingu\\u00edstico.&quot;,&quot;youtube_url&quot;:&quot;https:\\\/\\\/youtu.be\\\/lW9Kx1nkH1E&quot;,&quot;duration&quot;:&quot;2:49&quot;,&quot;thumbnail&quot;:{&quot;url&quot;:&quot;http:\\\/\\\/cirandadaarte.com.br\\\/webzine\\\/wp-content\\\/uploads\\\/2024\\\/09\\\/Captura-de-tela-2024-09-11-153200.png&quot;,&quot;id&quot;:7847,&quot;size&quot;:&quot;&quot;,&quot;alt&quot;:&quot;&quot;,&quot;source&quot;:&quot;library&quot;},&quot;_id&quot;:&quot;e1ca9f9&quot;,&quot;vimeo_url&quot;:null,&quot;inner_tab_content_1&quot;:null,&quot;type&quot;:&quot;youtube&quot;,&quot;is_external_url&quot;:null,&quot;hosted_url&quot;:null,&quot;external_url&quot;:null,&quot;section_html_tag&quot;:null,&quot;video_html_tag&quot;:&quot;h4&quot;,&quot;inner_tab_is_content_visible&quot;:&quot;&quot;,&quot;inner_tab_content_2&quot;:null},{&quot;title&quot;:&quot;EP. 02 \\u2013 Ra\\u00edzes de Goi\\u00e1s \\u2013 Explorando a Riqueza da Cultura Goiana.&quot;,&quot;youtube_url&quot;:&quot;https:\\\/\\\/youtu.be\\\/p2uT6eV2sTM&quot;,&quot;duration&quot;:&quot;2:27&quot;,&quot;thumbnail&quot;:{&quot;url&quot;:&quot;http:\\\/\\\/cirandadaarte.com.br\\\/webzine\\\/wp-content\\\/uploads\\\/2024\\\/09\\\/Captura-de-tela-2024-09-11-153200.png&quot;,&quot;id&quot;:7847,&quot;size&quot;:&quot;&quot;,&quot;alt&quot;:&quot;&quot;,&quot;source&quot;:&quot;library&quot;},&quot;_id&quot;:&quot;ee8d91a&quot;,&quot;vimeo_url&quot;:null,&quot;inner_tab_content_1&quot;:null,&quot;type&quot;:&quot;youtube&quot;,&quot;is_external_url&quot;:null,&quot;hosted_url&quot;:null,&quot;external_url&quot;:null,&quot;section_html_tag&quot;:null,&quot;video_html_tag&quot;:&quot;h4&quot;,&quot;inner_tab_is_content_visible&quot;:&quot;&quot;,&quot;inner_tab_content_2&quot;:null},{&quot;title&quot;:&quot;EP. 03 \\u2013 Lendas do Cerrado \\u2013 Desvendando o Folclore Goiana.&quot;,&quot;youtube_url&quot;:&quot;https:\\\/\\\/youtu.be\\\/jQ7CZXBW1AQ&quot;,&quot;duration&quot;:&quot;2:23&quot;,&quot;thumbnail&quot;:{&quot;url&quot;:&quot;http:\\\/\\\/cirandadaarte.com.br\\\/webzine\\\/wp-content\\\/uploads\\\/2024\\\/09\\\/Captura-de-tela-2024-09-11-153200.png&quot;,&quot;id&quot;:7847,&quot;size&quot;:&quot;&quot;,&quot;alt&quot;:&quot;&quot;,&quot;source&quot;:&quot;library&quot;},&quot;_id&quot;:&quot;b050157&quot;,&quot;vimeo_url&quot;:null,&quot;inner_tab_content_1&quot;:null,&quot;type&quot;:&quot;youtube&quot;,&quot;is_external_url&quot;:null,&quot;hosted_url&quot;:null,&quot;external_url&quot;:null,&quot;section_html_tag&quot;:null,&quot;video_html_tag&quot;:&quot;h4&quot;,&quot;inner_tab_is_content_visible&quot;:&quot;&quot;,&quot;inner_tab_content_2&quot;:null},{&quot;title&quot;:&quot;EP. 04 \\u2013 Bariani Ortencio \\u2013 O Guardi\\u00e3o da Cultura Goiana.&quot;,&quot;youtube_url&quot;:&quot;https:\\\/\\\/youtu.be\\\/jVdJ2-ipAoY&quot;,&quot;duration&quot;:&quot;2:41&quot;,&quot;thumbnail&quot;:{&quot;url&quot;:&quot;http:\\\/\\\/cirandadaarte.com.br\\\/webzine\\\/wp-content\\\/uploads\\\/2024\\\/09\\\/Captura-de-tela-2024-09-11-153200.png&quot;,&quot;id&quot;:7847,&quot;size&quot;:&quot;&quot;,&quot;alt&quot;:&quot;&quot;,&quot;source&quot;:&quot;library&quot;},&quot;vimeo_url&quot;:null,&quot;_id&quot;:&quot;0341c27&quot;,&quot;inner_tab_content_1&quot;:null,&quot;type&quot;:&quot;youtube&quot;,&quot;is_external_url&quot;:null,&quot;hosted_url&quot;:null,&quot;external_url&quot;:null,&quot;section_html_tag&quot;:null,&quot;video_html_tag&quot;:&quot;h4&quot;,&quot;inner_tab_is_content_visible&quot;:&quot;&quot;,&quot;inner_tab_content_2&quot;:null},{&quot;title&quot;:&quot;EP. 05 \\u2013 Sabores do Cerrado \\u2013 A Riqueza da Gastronomia Goiana.&quot;,&quot;youtube_url&quot;:&quot;https:\\\/\\\/youtu.be\\\/H01POrMkyL0&quot;,&quot;duration&quot;:&quot;2:26&quot;,&quot;thumbnail&quot;:{&quot;url&quot;:&quot;http:\\\/\\\/cirandadaarte.com.br\\\/webzine\\\/wp-content\\\/uploads\\\/2024\\\/09\\\/Captura-de-tela-2024-09-11-153200.png&quot;,&quot;id&quot;:7847,&quot;size&quot;:&quot;&quot;,&quot;alt&quot;:&quot;&quot;,&quot;source&quot;:&quot;library&quot;},&quot;vimeo_url&quot;:null,&quot;_id&quot;:&quot;fdc66eb&quot;,&quot;inner_tab_content_1&quot;:null,&quot;type&quot;:&quot;youtube&quot;,&quot;is_external_url&quot;:null,&quot;hosted_url&quot;:null,&quot;external_url&quot;:null,&quot;section_html_tag&quot;:null,&quot;video_html_tag&quot;:&quot;h4&quot;,&quot;inner_tab_is_content_visible&quot;:&quot;&quot;,&quot;inner_tab_content_2&quot;:null},{&quot;_id&quot;:&quot;19d8a74&quot;,&quot;youtube_url&quot;:&quot;https:\\\/\\\/youtu.be\\\/3RSHyAP6-wc&quot;,&quot;vimeo_url&quot;:null,&quot;title&quot;:&quot;EP. 06 \\u2013 Sustentabilidade Goiana e Sabores Ancestrais.&quot;,&quot;duration&quot;:&quot;2:40&quot;,&quot;thumbnail&quot;:{&quot;url&quot;:&quot;http:\\\/\\\/cirandadaarte.com.br\\\/webzine\\\/wp-content\\\/uploads\\\/2024\\\/09\\\/Captura-de-tela-2024-09-11-153200.png&quot;,&quot;id&quot;:7847,&quot;size&quot;:&quot;&quot;,&quot;alt&quot;:&quot;&quot;,&quot;source&quot;:&quot;library&quot;},&quot;inner_tab_content_1&quot;:null,&quot;type&quot;:&quot;youtube&quot;,&quot;is_external_url&quot;:null,&quot;hosted_url&quot;:null,&quot;external_url&quot;:null,&quot;section_html_tag&quot;:null,&quot;video_html_tag&quot;:&quot;h4&quot;,&quot;inner_tab_is_content_visible&quot;:&quot;&quot;,&quot;inner_tab_content_2&quot;:null},{&quot;_id&quot;:&quot;5fee395&quot;,&quot;youtube_url&quot;:&quot;https:\\\/\\\/youtu.be\\\/qG1cRTQNqCk&quot;,&quot;vimeo_url&quot;:null,&quot;title&quot;:&quot;EP. 07 \\u2013 Vozes do Cerrado \\u2013 A Literatura Goiana Atrav\\u00e9s de Bariani Ortencio&quot;,&quot;thumbnail&quot;:{&quot;url&quot;:&quot;http:\\\/\\\/cirandadaarte.com.br\\\/webzine\\\/wp-content\\\/uploads\\\/2024\\\/09\\\/Captura-de-tela-2024-09-11-153200.png&quot;,&quot;id&quot;:7847,&quot;size&quot;:&quot;&quot;,&quot;alt&quot;:&quot;&quot;,&quot;source&quot;:&quot;library&quot;},&quot;inner_tab_content_1&quot;:null,&quot;type&quot;:&quot;youtube&quot;,&quot;is_external_url&quot;:null,&quot;hosted_url&quot;:null,&quot;external_url&quot;:null,&quot;section_html_tag&quot;:null,&quot;video_html_tag&quot;:&quot;h4&quot;,&quot;duration&quot;:&quot;&quot;,&quot;inner_tab_is_content_visible&quot;:&quot;&quot;,&quot;inner_tab_content_2&quot;:null},{&quot;_id&quot;:&quot;d46604b&quot;,&quot;youtube_url&quot;:&quot;https:\\\/\\\/youtu.be\\\/DiGFH0QcEN8&quot;,&quot;vimeo_url&quot;:null,&quot;title&quot;:&quot;EP. 08 \\u2013 Preconceito e Desigualdade nos Textos de Bariani Ortencio.&quot;,&quot;duration&quot;:&quot;4:05&quot;,&quot;thumbnail&quot;:{&quot;url&quot;:&quot;http:\\\/\\\/cirandadaarte.com.br\\\/webzine\\\/wp-content\\\/uploads\\\/2024\\\/09\\\/Captura-de-tela-2024-09-11-153200.png&quot;,&quot;id&quot;:7847,&quot;size&quot;:&quot;&quot;,&quot;alt&quot;:&quot;&quot;,&quot;source&quot;:&quot;library&quot;},&quot;inner_tab_content_1&quot;:null,&quot;type&quot;:&quot;youtube&quot;,&quot;is_external_url&quot;:null,&quot;hosted_url&quot;:null,&quot;external_url&quot;:null,&quot;section_html_tag&quot;:null,&quot;video_html_tag&quot;:&quot;h4&quot;,&quot;inner_tab_is_content_visible&quot;:&quot;&quot;,&quot;inner_tab_content_2&quot;:null}],&quot;autoplay_next&quot;:&quot;yes&quot;,&quot;show_watched_indication&quot;:&quot;yes&quot;}\" data-widget_type=\"video-playlist.default\">\n\t\t\t\t<div class=\"elementor-widget-container\">\n\t\t\t\t\t\n\t\t<div class=\"e-tabs\">\n\t\t\t<div class=\"e-tabs-main-area\">\n\t\t\t\t<div class=\"e-tabs-wrapper\">\n\t\t\t\t\t<div class=\"e-tabs-header\">\n\t\t\t\t\t\t<h2 class=\"e-tabs-title\">Epis\u00f3dios: 1\u00aa Temporada<\/h2>\n\t\t\t\t\t\t<div class=\"e-tabs-header-right-side\">\n\t\t\t\t\t\t\t\t\t\t\t\t\t\t\t<span class=\"e-tabs-videos-count\">8 Videos<\/span>\n\t\t\t\t\t\t\t\t\t\t\t\t\t\t<i aria-hidden=\"true\" class=\"e-tabs-toggle-videos-display-button rotate-down eicon-caret-down\"><\/i>\t\t\t\t\t\t<\/div>\n\t\t\t\t\t<\/div>\n\t\t\t\t\t<div class=\"e-tabs-items-wrapper\">\n\t\t\t\t\t\t<div class=\"e-tabs-items\" role=\"tablist\">\n\t\t\t\t\t\t\t\t\t\t\t\t\t\t\t\t\t\t\t\t\t\t\t\t<div id=\"e-tab-title-1571\" class=\"e-tab-title e-tab-desktop-title\" aria-selected=\"true\" data-tab=\"1\" role=\"tab\" tabindex=\"0\" aria-controls=\"e-tab-content-1571\">\n\t\t\t\t\t\t\t\t\t\t\t\t\t\t\t\t\t\t\t\t\t<div class=\"e-tab-thumbnail\">\n\t\t\t\t\t\t\t\t\t\t\t\t\t\t\t\t\t\t\t\t\t\t\t\t\t<img decoding=\"async\" src=\"http:\/\/cirandadaarte.com.br\/webzine\/wp-content\/uploads\/2024\/09\/Captura-de-tela-2024-09-11-153200.png\" alt=\"EP. 01 \u2013 Vozes Silenciadas \u2013 Desvendando o Preconceito Lingu\u00edstico.\" loading=\"lazy\" \/>\n\t\t\t\t\t\t\t\t\t\t\t\t\t\t\t\t\t\t\t\t\t\t\t\t<span class=\"icon-play\"><i aria-hidden=\"true\" class=\"fas fa-play-circle\"><\/i><\/span>\n\t\t\t\t\t\t\t\t\t\t\t\t<span class=\"icon-watched\"><i aria-hidden=\"true\" class=\"fas fa-check-circle\"><\/i><\/span>\n\t\t\t\t\t\t\t\t\t\t\t<\/div>\n\t\t\t\t\t\t\t\t\t\t\t\t\t\t\t\t\t\t\t\t<h4 class=\"e-tab-title-text\">\n\t\t\t\t\t\t\t\t\t\t\t<a tabindex=\"0\">EP. 01 \u2013 Vozes Silenciadas \u2013 Desvendando o Preconceito Lingu\u00edstico.<\/a>\n\t\t\t\t\t\t\t\t\t\t<\/h4>\n\t\t\t\t\t\t\t\t\t\t\t\t\t\t\t\t\t\t\t<\/div>\n\t\t\t\t\t\t\t\t\t\t\t\t\t\t\t\t\t\t\t\t\t\t\t\t\t\t\t\t\t\t\t\t<div id=\"e-tab-title-1572\" class=\"e-tab-title e-tab-desktop-title\" aria-selected=\"false\" data-tab=\"2\" role=\"tab\" tabindex=\"-1\" aria-controls=\"e-tab-content-1572\">\n\t\t\t\t\t\t\t\t\t\t\t\t\t\t\t\t\t\t\t\t\t<div class=\"e-tab-thumbnail\">\n\t\t\t\t\t\t\t\t\t\t\t\t\t\t\t\t\t\t\t\t\t\t\t\t\t<img decoding=\"async\" src=\"http:\/\/cirandadaarte.com.br\/webzine\/wp-content\/uploads\/2024\/09\/Captura-de-tela-2024-09-11-153200.png\" alt=\"EP. 02 \u2013 Ra\u00edzes de Goi\u00e1s \u2013 Explorando a Riqueza da Cultura Goiana.\" loading=\"lazy\" \/>\n\t\t\t\t\t\t\t\t\t\t\t\t\t\t\t\t\t\t\t\t\t\t\t\t<span class=\"icon-play\"><i aria-hidden=\"true\" class=\"fas fa-play-circle\"><\/i><\/span>\n\t\t\t\t\t\t\t\t\t\t\t\t<span class=\"icon-watched\"><i aria-hidden=\"true\" class=\"fas fa-check-circle\"><\/i><\/span>\n\t\t\t\t\t\t\t\t\t\t\t<\/div>\n\t\t\t\t\t\t\t\t\t\t\t\t\t\t\t\t\t\t\t\t<h4 class=\"e-tab-title-text\">\n\t\t\t\t\t\t\t\t\t\t\t<a tabindex=\"0\">EP. 02 \u2013 Ra\u00edzes de Goi\u00e1s \u2013 Explorando a Riqueza da Cultura Goiana.<\/a>\n\t\t\t\t\t\t\t\t\t\t<\/h4>\n\t\t\t\t\t\t\t\t\t\t\t\t\t\t\t\t\t\t\t<\/div>\n\t\t\t\t\t\t\t\t\t\t\t\t\t\t\t\t\t\t\t\t\t\t\t\t\t\t\t\t\t\t\t\t<div id=\"e-tab-title-1573\" class=\"e-tab-title e-tab-desktop-title\" aria-selected=\"false\" data-tab=\"3\" role=\"tab\" tabindex=\"-1\" aria-controls=\"e-tab-content-1573\">\n\t\t\t\t\t\t\t\t\t\t\t\t\t\t\t\t\t\t\t\t\t<div class=\"e-tab-thumbnail\">\n\t\t\t\t\t\t\t\t\t\t\t\t\t\t\t\t\t\t\t\t\t\t\t\t\t<img decoding=\"async\" src=\"http:\/\/cirandadaarte.com.br\/webzine\/wp-content\/uploads\/2024\/09\/Captura-de-tela-2024-09-11-153200.png\" alt=\"EP. 03 \u2013 Lendas do Cerrado \u2013 Desvendando o Folclore Goiana.\" loading=\"lazy\" \/>\n\t\t\t\t\t\t\t\t\t\t\t\t\t\t\t\t\t\t\t\t\t\t\t\t<span class=\"icon-play\"><i aria-hidden=\"true\" class=\"fas fa-play-circle\"><\/i><\/span>\n\t\t\t\t\t\t\t\t\t\t\t\t<span class=\"icon-watched\"><i aria-hidden=\"true\" class=\"fas fa-check-circle\"><\/i><\/span>\n\t\t\t\t\t\t\t\t\t\t\t<\/div>\n\t\t\t\t\t\t\t\t\t\t\t\t\t\t\t\t\t\t\t\t<h4 class=\"e-tab-title-text\">\n\t\t\t\t\t\t\t\t\t\t\t<a tabindex=\"0\">EP. 03 \u2013 Lendas do Cerrado \u2013 Desvendando o Folclore Goiana.<\/a>\n\t\t\t\t\t\t\t\t\t\t<\/h4>\n\t\t\t\t\t\t\t\t\t\t\t\t\t\t\t\t\t\t\t<\/div>\n\t\t\t\t\t\t\t\t\t\t\t\t\t\t\t\t\t\t\t\t\t\t\t\t\t\t\t\t\t\t\t\t<div id=\"e-tab-title-1574\" class=\"e-tab-title e-tab-desktop-title\" aria-selected=\"false\" data-tab=\"4\" role=\"tab\" tabindex=\"-1\" aria-controls=\"e-tab-content-1574\">\n\t\t\t\t\t\t\t\t\t\t\t\t\t\t\t\t\t\t\t\t\t<div class=\"e-tab-thumbnail\">\n\t\t\t\t\t\t\t\t\t\t\t\t\t\t\t\t\t\t\t\t\t\t\t\t\t<img decoding=\"async\" src=\"http:\/\/cirandadaarte.com.br\/webzine\/wp-content\/uploads\/2024\/09\/Captura-de-tela-2024-09-11-153200.png\" alt=\"EP. 04 \u2013 Bariani Ortencio \u2013 O Guardi\u00e3o da Cultura Goiana.\" loading=\"lazy\" \/>\n\t\t\t\t\t\t\t\t\t\t\t\t\t\t\t\t\t\t\t\t\t\t\t\t<span class=\"icon-play\"><i aria-hidden=\"true\" class=\"fas fa-play-circle\"><\/i><\/span>\n\t\t\t\t\t\t\t\t\t\t\t\t<span class=\"icon-watched\"><i aria-hidden=\"true\" class=\"fas fa-check-circle\"><\/i><\/span>\n\t\t\t\t\t\t\t\t\t\t\t<\/div>\n\t\t\t\t\t\t\t\t\t\t\t\t\t\t\t\t\t\t\t\t<h4 class=\"e-tab-title-text\">\n\t\t\t\t\t\t\t\t\t\t\t<a tabindex=\"0\">EP. 04 \u2013 Bariani Ortencio \u2013 O Guardi\u00e3o da Cultura Goiana.<\/a>\n\t\t\t\t\t\t\t\t\t\t<\/h4>\n\t\t\t\t\t\t\t\t\t\t\t\t\t\t\t\t\t\t\t<\/div>\n\t\t\t\t\t\t\t\t\t\t\t\t\t\t\t\t\t\t\t\t\t\t\t\t\t\t\t\t\t\t\t\t<div id=\"e-tab-title-1575\" class=\"e-tab-title e-tab-desktop-title\" aria-selected=\"false\" data-tab=\"5\" role=\"tab\" tabindex=\"-1\" aria-controls=\"e-tab-content-1575\">\n\t\t\t\t\t\t\t\t\t\t\t\t\t\t\t\t\t\t\t\t\t<div class=\"e-tab-thumbnail\">\n\t\t\t\t\t\t\t\t\t\t\t\t\t\t\t\t\t\t\t\t\t\t\t\t\t<img decoding=\"async\" src=\"http:\/\/cirandadaarte.com.br\/webzine\/wp-content\/uploads\/2024\/09\/Captura-de-tela-2024-09-11-153200.png\" alt=\"EP. 05 \u2013 Sabores do Cerrado \u2013 A Riqueza da Gastronomia Goiana.\" loading=\"lazy\" \/>\n\t\t\t\t\t\t\t\t\t\t\t\t\t\t\t\t\t\t\t\t\t\t\t\t<span class=\"icon-play\"><i aria-hidden=\"true\" class=\"fas fa-play-circle\"><\/i><\/span>\n\t\t\t\t\t\t\t\t\t\t\t\t<span class=\"icon-watched\"><i aria-hidden=\"true\" class=\"fas fa-check-circle\"><\/i><\/span>\n\t\t\t\t\t\t\t\t\t\t\t<\/div>\n\t\t\t\t\t\t\t\t\t\t\t\t\t\t\t\t\t\t\t\t<h4 class=\"e-tab-title-text\">\n\t\t\t\t\t\t\t\t\t\t\t<a tabindex=\"0\">EP. 05 \u2013 Sabores do Cerrado \u2013 A Riqueza da Gastronomia Goiana.<\/a>\n\t\t\t\t\t\t\t\t\t\t<\/h4>\n\t\t\t\t\t\t\t\t\t\t\t\t\t\t\t\t\t\t\t<\/div>\n\t\t\t\t\t\t\t\t\t\t\t\t\t\t\t\t\t\t\t\t\t\t\t\t\t\t\t\t\t\t\t\t<div id=\"e-tab-title-1576\" class=\"e-tab-title e-tab-desktop-title\" aria-selected=\"false\" data-tab=\"6\" role=\"tab\" tabindex=\"-1\" aria-controls=\"e-tab-content-1576\">\n\t\t\t\t\t\t\t\t\t\t\t\t\t\t\t\t\t\t\t\t\t<div class=\"e-tab-thumbnail\">\n\t\t\t\t\t\t\t\t\t\t\t\t\t\t\t\t\t\t\t\t\t\t\t\t\t<img decoding=\"async\" src=\"http:\/\/cirandadaarte.com.br\/webzine\/wp-content\/uploads\/2024\/09\/Captura-de-tela-2024-09-11-153200.png\" alt=\"EP. 06 \u2013 Sustentabilidade Goiana e Sabores Ancestrais.\" loading=\"lazy\" \/>\n\t\t\t\t\t\t\t\t\t\t\t\t\t\t\t\t\t\t\t\t\t\t\t\t<span class=\"icon-play\"><i aria-hidden=\"true\" class=\"fas fa-play-circle\"><\/i><\/span>\n\t\t\t\t\t\t\t\t\t\t\t\t<span class=\"icon-watched\"><i aria-hidden=\"true\" class=\"fas fa-check-circle\"><\/i><\/span>\n\t\t\t\t\t\t\t\t\t\t\t<\/div>\n\t\t\t\t\t\t\t\t\t\t\t\t\t\t\t\t\t\t\t\t<h4 class=\"e-tab-title-text\">\n\t\t\t\t\t\t\t\t\t\t\t<a tabindex=\"0\">EP. 06 \u2013 Sustentabilidade Goiana e Sabores Ancestrais.<\/a>\n\t\t\t\t\t\t\t\t\t\t<\/h4>\n\t\t\t\t\t\t\t\t\t\t\t\t\t\t\t\t\t\t\t<\/div>\n\t\t\t\t\t\t\t\t\t\t\t\t\t\t\t\t\t\t\t\t\t\t\t\t\t\t\t\t\t\t\t\t<div id=\"e-tab-title-1577\" class=\"e-tab-title e-tab-desktop-title\" aria-selected=\"false\" data-tab=\"7\" role=\"tab\" tabindex=\"-1\" aria-controls=\"e-tab-content-1577\">\n\t\t\t\t\t\t\t\t\t\t\t\t\t\t\t\t\t\t\t\t\t<div class=\"e-tab-thumbnail\">\n\t\t\t\t\t\t\t\t\t\t\t\t\t\t\t\t\t\t\t\t\t\t\t\t\t<img decoding=\"async\" src=\"http:\/\/cirandadaarte.com.br\/webzine\/wp-content\/uploads\/2024\/09\/Captura-de-tela-2024-09-11-153200.png\" alt=\"EP. 07 \u2013 Vozes do Cerrado \u2013 A Literatura Goiana Atrav\u00e9s de Bariani Ortencio\" loading=\"lazy\" \/>\n\t\t\t\t\t\t\t\t\t\t\t\t\t\t\t\t\t\t\t\t\t\t\t\t<span class=\"icon-play\"><i aria-hidden=\"true\" class=\"fas fa-play-circle\"><\/i><\/span>\n\t\t\t\t\t\t\t\t\t\t\t\t<span class=\"icon-watched\"><i aria-hidden=\"true\" class=\"fas fa-check-circle\"><\/i><\/span>\n\t\t\t\t\t\t\t\t\t\t\t<\/div>\n\t\t\t\t\t\t\t\t\t\t\t\t\t\t\t\t\t\t\t\t<h4 class=\"e-tab-title-text\">\n\t\t\t\t\t\t\t\t\t\t\t<a tabindex=\"0\">EP. 07 \u2013 Vozes do Cerrado \u2013 A Literatura Goiana Atrav\u00e9s de Bariani Ortencio<\/a>\n\t\t\t\t\t\t\t\t\t\t<\/h4>\n\t\t\t\t\t\t\t\t\t\t\t\t\t\t\t\t\t\t\t<\/div>\n\t\t\t\t\t\t\t\t\t\t\t\t\t\t\t\t\t\t\t\t\t\t\t\t\t\t\t\t\t\t\t\t<div id=\"e-tab-title-1578\" class=\"e-tab-title e-tab-desktop-title\" aria-selected=\"false\" data-tab=\"8\" role=\"tab\" tabindex=\"-1\" aria-controls=\"e-tab-content-1578\">\n\t\t\t\t\t\t\t\t\t\t\t\t\t\t\t\t\t\t\t\t\t<div class=\"e-tab-thumbnail\">\n\t\t\t\t\t\t\t\t\t\t\t\t\t\t\t\t\t\t\t\t\t\t\t\t\t<img decoding=\"async\" src=\"http:\/\/cirandadaarte.com.br\/webzine\/wp-content\/uploads\/2024\/09\/Captura-de-tela-2024-09-11-153200.png\" alt=\"EP. 08 \u2013 Preconceito e Desigualdade nos Textos de Bariani Ortencio.\" loading=\"lazy\" \/>\n\t\t\t\t\t\t\t\t\t\t\t\t\t\t\t\t\t\t\t\t\t\t\t\t<span class=\"icon-play\"><i aria-hidden=\"true\" class=\"fas fa-play-circle\"><\/i><\/span>\n\t\t\t\t\t\t\t\t\t\t\t\t<span class=\"icon-watched\"><i aria-hidden=\"true\" class=\"fas fa-check-circle\"><\/i><\/span>\n\t\t\t\t\t\t\t\t\t\t\t<\/div>\n\t\t\t\t\t\t\t\t\t\t\t\t\t\t\t\t\t\t\t\t<h4 class=\"e-tab-title-text\">\n\t\t\t\t\t\t\t\t\t\t\t<a tabindex=\"0\">EP. 08 \u2013 Preconceito e Desigualdade nos Textos de Bariani Ortencio.<\/a>\n\t\t\t\t\t\t\t\t\t\t<\/h4>\n\t\t\t\t\t\t\t\t\t\t\t\t\t\t\t\t\t\t\t<\/div>\n\t\t\t\t\t\t\t\t\t\t\t\t\t\t\t\t\t\t\t\t\t<\/div>\n\t\t\t\t\t\t<div class=\"shadow shadow-top\" aria-hidden=\"true\"><\/div>\n\t\t\t\t\t\t<div class=\"shadow shadow-bottom\" aria-hidden=\"true\"><\/div>\n\t\t\t\t\t<\/div>\n\t\t\t\t<\/div>\n\n\t\t\t\t<div class=\"e-tabs-content-wrapper\" role=\"tablist\" aria-orientation=\"vertical\">\n\t\t\t\t\t\t\t\t\t\t\t<div id=\"e-tab-content-1571\" class=\"e-tab-content elementor-clearfix\" data-tab=\"1\" role=\"tabpanel\" aria-labelledby=\"e-tab-title-1571\" tabindex=\"0\" data-video-url=\"https:\/\/youtu.be\/lW9Kx1nkH1E\" data-video-type=\"youtube\" data-video-title=\"EP. 01 \u2013 Vozes Silenciadas \u2013 Desvendando o Preconceito Lingu\u00edstico.\" data-video-duration=\"2:49\">\n\t\t\t\t\t\t\t<div><\/div>\n\t\t\t\t\t\t\t\t\t\t\t\t\t<\/div>\n\t\t\t\t\t\t\t\t\t\t\t<div id=\"e-tab-content-1572\" class=\"e-tab-content elementor-clearfix\" data-tab=\"2\" role=\"tabpanel\" aria-labelledby=\"e-tab-title-1572\" tabindex=\"0\" data-video-url=\"https:\/\/youtu.be\/p2uT6eV2sTM\" data-video-type=\"youtube\" data-video-title=\"EP. 02 \u2013 Ra\u00edzes de Goi\u00e1s \u2013 Explorando a Riqueza da Cultura Goiana.\" data-video-duration=\"2:27\" hidden=\"hidden\">\n\t\t\t\t\t\t\t<div><\/div>\n\t\t\t\t\t\t\t\t\t\t\t\t\t<\/div>\n\t\t\t\t\t\t\t\t\t\t\t<div id=\"e-tab-content-1573\" class=\"e-tab-content elementor-clearfix\" data-tab=\"3\" role=\"tabpanel\" aria-labelledby=\"e-tab-title-1573\" tabindex=\"0\" data-video-url=\"https:\/\/youtu.be\/jQ7CZXBW1AQ\" data-video-type=\"youtube\" data-video-title=\"EP. 03 \u2013 Lendas do Cerrado \u2013 Desvendando o Folclore Goiana.\" data-video-duration=\"2:23\" hidden=\"hidden\">\n\t\t\t\t\t\t\t<div><\/div>\n\t\t\t\t\t\t\t\t\t\t\t\t\t<\/div>\n\t\t\t\t\t\t\t\t\t\t\t<div id=\"e-tab-content-1574\" class=\"e-tab-content elementor-clearfix\" data-tab=\"4\" role=\"tabpanel\" aria-labelledby=\"e-tab-title-1574\" tabindex=\"0\" data-video-url=\"https:\/\/youtu.be\/jVdJ2-ipAoY\" data-video-type=\"youtube\" data-video-title=\"EP. 04 \u2013 Bariani Ortencio \u2013 O Guardi\u00e3o da Cultura Goiana.\" data-video-duration=\"2:41\" hidden=\"hidden\">\n\t\t\t\t\t\t\t<div><\/div>\n\t\t\t\t\t\t\t\t\t\t\t\t\t<\/div>\n\t\t\t\t\t\t\t\t\t\t\t<div id=\"e-tab-content-1575\" class=\"e-tab-content elementor-clearfix\" data-tab=\"5\" role=\"tabpanel\" aria-labelledby=\"e-tab-title-1575\" tabindex=\"0\" data-video-url=\"https:\/\/youtu.be\/H01POrMkyL0\" data-video-type=\"youtube\" data-video-title=\"EP. 05 \u2013 Sabores do Cerrado \u2013 A Riqueza da Gastronomia Goiana.\" data-video-duration=\"2:26\" hidden=\"hidden\">\n\t\t\t\t\t\t\t<div><\/div>\n\t\t\t\t\t\t\t\t\t\t\t\t\t<\/div>\n\t\t\t\t\t\t\t\t\t\t\t<div id=\"e-tab-content-1576\" class=\"e-tab-content elementor-clearfix\" data-tab=\"6\" role=\"tabpanel\" aria-labelledby=\"e-tab-title-1576\" tabindex=\"0\" data-video-url=\"https:\/\/youtu.be\/3RSHyAP6-wc\" data-video-type=\"youtube\" data-video-title=\"EP. 06 \u2013 Sustentabilidade Goiana e Sabores Ancestrais.\" data-video-duration=\"2:40\" hidden=\"hidden\">\n\t\t\t\t\t\t\t<div><\/div>\n\t\t\t\t\t\t\t\t\t\t\t\t\t<\/div>\n\t\t\t\t\t\t\t\t\t\t\t<div id=\"e-tab-content-1577\" class=\"e-tab-content elementor-clearfix\" data-tab=\"7\" role=\"tabpanel\" aria-labelledby=\"e-tab-title-1577\" tabindex=\"0\" data-video-url=\"https:\/\/youtu.be\/qG1cRTQNqCk\" data-video-type=\"youtube\" data-video-title=\"EP. 07 \u2013 Vozes do Cerrado \u2013 A Literatura Goiana Atrav\u00e9s de Bariani Ortencio\" data-video-duration=\"\" hidden=\"hidden\">\n\t\t\t\t\t\t\t<div><\/div>\n\t\t\t\t\t\t\t\t\t\t\t\t\t<\/div>\n\t\t\t\t\t\t\t\t\t\t\t<div id=\"e-tab-content-1578\" class=\"e-tab-content elementor-clearfix\" data-tab=\"8\" role=\"tabpanel\" aria-labelledby=\"e-tab-title-1578\" tabindex=\"0\" data-video-url=\"https:\/\/youtu.be\/DiGFH0QcEN8\" data-video-type=\"youtube\" data-video-title=\"EP. 08 \u2013 Preconceito e Desigualdade nos Textos de Bariani Ortencio.\" data-video-duration=\"4:05\" hidden=\"hidden\">\n\t\t\t\t\t\t\t<div><\/div>\n\t\t\t\t\t\t\t\t\t\t\t\t\t<\/div>\n\t\t\t\t\t\t\t\t\t<\/div>\n\t\t\t<\/div>\n\n\t\t\t<div class=\"e-tabs-inner-tabs\" >\n\t\t\t\t\t\t\t\t\t\t\t\t\t\t\t\t\t\t\t\t\t\t\t\t\t\t\t\t\t\t\t\t\t\t\t\t\t\t\t\t\t\t\t\t\t\t\t\t\t\t\t\t\t\t\t\t\t\t\t\t\t\t\t\t\t\t\t\t\t\t\t\t\t\t\t\t\t\t\t<\/div>\n\t\t<\/div>\n\t\t\t\t\t\t<\/div>\n\t\t\t\t<\/div>\n\t\t\t\t\t<\/div>\n\t\t<\/div>\n\t\t\t\t\t<\/div>\n\t\t<\/section>\n\t\t\t\t<\/div>\n\t\t","protected":false},"excerpt":{"rendered":"<p>Acessibilidades https:\/\/youtu.be\/8DDo37oyEWI No cen\u00e1rio vibrante da literatura goiana, o Projeto PEQUIPOD surge como uma ferramenta inovadora e essencial para a valoriza\u00e7\u00e3o e dissemina\u00e7\u00e3o das &#8220;goianidades&#8221; \u2014 o conjunto de caracter\u00edsticas culturais, hist\u00f3ricas e sociais que definem o esp\u00edrito goiano. Este projeto, integrado ao Concurso Liter\u00e1rio de Reda\u00e7\u00e3o Bariani Ortencio, busca incentivar a express\u00e3o liter\u00e1ria jovem &hellip; <\/p>\n<p class=\"link-more\"><a href=\"https:\/\/cirandadaarte.com.br\/webzine\/pequipod\/\" class=\"more-link\">Continue lendo<span class=\"screen-reader-text\"> &#8220;PequiPod&#8221;<\/span><\/a><\/p>\n","protected":false},"author":1,"featured_media":0,"parent":0,"menu_order":0,"comment_status":"closed","ping_status":"closed","template":"elementor_canvas","meta":{"footnotes":""},"class_list":["post-7820","page","type-page","status-publish","hentry","entry"],"_links":{"self":[{"href":"https:\/\/cirandadaarte.com.br\/webzine\/wp-json\/wp\/v2\/pages\/7820","targetHints":{"allow":["GET"]}}],"collection":[{"href":"https:\/\/cirandadaarte.com.br\/webzine\/wp-json\/wp\/v2\/pages"}],"about":[{"href":"https:\/\/cirandadaarte.com.br\/webzine\/wp-json\/wp\/v2\/types\/page"}],"author":[{"embeddable":true,"href":"https:\/\/cirandadaarte.com.br\/webzine\/wp-json\/wp\/v2\/users\/1"}],"replies":[{"embeddable":true,"href":"https:\/\/cirandadaarte.com.br\/webzine\/wp-json\/wp\/v2\/comments?post=7820"}],"version-history":[{"count":100,"href":"https:\/\/cirandadaarte.com.br\/webzine\/wp-json\/wp\/v2\/pages\/7820\/revisions"}],"predecessor-version":[{"id":8057,"href":"https:\/\/cirandadaarte.com.br\/webzine\/wp-json\/wp\/v2\/pages\/7820\/revisions\/8057"}],"wp:attachment":[{"href":"https:\/\/cirandadaarte.com.br\/webzine\/wp-json\/wp\/v2\/media?parent=7820"}],"curies":[{"name":"wp","href":"https:\/\/api.w.org\/{rel}","templated":true}]}}